{"id":14,"date":"2020-09-06T13:31:23","date_gmt":"2020-09-06T11:31:23","guid":{"rendered":"https:\/\/nueha.de\/nueha\/?page_id=14"},"modified":"2021-10-04T12:02:28","modified_gmt":"2021-10-04T10:02:28","slug":"aktivitaeten","status":"publish","type":"page","link":"https:\/\/nueha.de\/?page_id=14","title":{"rendered":"Aktivit\u00e4ten"},"content":{"rendered":"\n<figure class=\"wp-block-gallery columns-3 is-cropped wp-block-gallery-1 is-layout-flex wp-block-gallery-is-layout-flex\"><ul class=\"blocks-gallery-grid\"><li class=\"blocks-gallery-item\"><figure><img loading=\"lazy\" decoding=\"async\" width=\"640\" height=\"480\" src=\"https:\/\/nueha.de\/wp-content\/uploads\/2021\/10\/IMG_0466.jpg\" alt=\"\" data-id=\"282\" data-link=\"https:\/\/nueha.de\/?attachment_id=282\" class=\"wp-image-282\" srcset=\"https:\/\/nueha.de\/wp-content\/uploads\/2021\/10\/IMG_0466.jpg 640w, https:\/\/nueha.de\/wp-content\/uploads\/2021\/10\/IMG_0466-300x225.jpg 300w\" sizes=\"auto, (max-width: 640px) 100vw, 640px\" \/><\/figure><\/li><li class=\"blocks-gallery-item\"><figure><img loading=\"lazy\" decoding=\"async\" width=\"640\" height=\"480\" src=\"https:\/\/nueha.de\/wp-content\/uploads\/2021\/10\/IMG_0467.jpg\" alt=\"\" data-id=\"283\" data-link=\"https:\/\/nueha.de\/?attachment_id=283\" class=\"wp-image-283\" srcset=\"https:\/\/nueha.de\/wp-content\/uploads\/2021\/10\/IMG_0467.jpg 640w, https:\/\/nueha.de\/wp-content\/uploads\/2021\/10\/IMG_0467-300x225.jpg 300w\" sizes=\"auto, (max-width: 640px) 100vw, 640px\" \/><\/figure><\/li><li class=\"blocks-gallery-item\"><figure><img loading=\"lazy\" decoding=\"async\" width=\"640\" height=\"480\" src=\"https:\/\/nueha.de\/wp-content\/uploads\/2021\/10\/IMG_0469.jpg\" alt=\"\" data-id=\"284\" data-full-url=\"https:\/\/nueha.de\/wp-content\/uploads\/2021\/10\/IMG_0469.jpg\" data-link=\"https:\/\/nueha.de\/?attachment_id=284\" class=\"wp-image-284\" srcset=\"https:\/\/nueha.de\/wp-content\/uploads\/2021\/10\/IMG_0469.jpg 640w, https:\/\/nueha.de\/wp-content\/uploads\/2021\/10\/IMG_0469-300x225.jpg 300w\" sizes=\"auto, (max-width: 640px) 100vw, 640px\" \/><\/figure><\/li><\/ul><figcaption class=\"blocks-gallery-caption\">Ein gro\u00dfer Erfolg war nicht nur der &#8222;israelische Abend&#8220;, auch der offizielle Empfang am 25.09. lockte vom Vizepr\u00e4sidenten des Landtages \u00fcber den Oberb\u00fcrgermeister bis zu vielen VertererInnen aus dem Stadtrat eine Unzahl von Menschen, die die St\u00e4dtepartenrschaft mit Hadera unterst\u00fctzen!<\/figcaption><\/figure>\n\n\n\n<h3 class=\"wp-block-heading\">Sukkot im Herzen der Stadt vom 23.09.2021 bis 25.09.2021<\/h3>\n\n\n\n<p>Zum 1700j\u00e4hrigen Jubil\u00e4um j\u00fcdischen Lebens in Deutschland werden wir mit Menschen in N\u00fcrnberg gemeinsam feiern und als St\u00e4dtepartnerschaftsverein einen Beitrag zu einem Miteinander von N\u00fcrnberg und Hadera leisten.<\/p>\n\n\n\n<p>2020 baute der Verein zu Sukkot als \u201eGr\u00fcndungsfeier\u201c auf dem Dach des N\u00fcrnberger Doku-Zentrums (\u201eKongresshalle\u201c) eine Sukkah auf und lud G\u00e4ste zum gemeinsamen Verweilenein. Leider durchkreuzte die Pandemie das Vorhaben, es war nicht m\u00f6glich, die Veranstaltung \u00f6ffentlich durchzuf\u00fchren und zum Besuch der Sukkah auf dem Doku-Zentrum einzuladen. Die Resonanz seitens der \u00fcberregionalen Presse, aber auch von vielen N\u00fcrnbergerinnen und N\u00fcrnbergern war trotzdem \u00fcberw\u00e4ltigend.<\/p>\n\n\n\n<p>2021 werden wir daher alles daran setzen, den Besuch in einer neuen Laubh\u00fctte \u2013 in diesem Jahr in der N\u00e4he des Standortes der von den Nazis zerst\u00f6rten gro\u00dfen Synagoge am Hans-Sachs-Platz- zu erm\u00f6glichen und damit allen N\u00fcrnbergerinnen und N\u00fcrnbergern eine M\u00f6glichkeit zur Teilnahme anbieten und die Br\u00fccke zwischen N\u00fcrnberg und Hadera zu st\u00e4rken.<\/p>\n\n\n\n<p>Das Ziel ist es, die Laubh\u00fctte im Herzen der Stadt f\u00fcr die Menschen der Stadt an drei aufeinanderfolgenden Tagen vom 23.09.2021 bis zum 25.09.2021 zug\u00e4nglich zu halten. Neben der Geschichte der St\u00e4dtepartnerschaft und der Stadt Hadera, wird auch \u00fcber j\u00fcdisches Leben in N\u00fcrnberg und speziell das Fest&nbsp; Sukkot informiert werden.<\/p>\n\n\n\n<p> Die Sukkah am Hans-Sachs Platz &#8211; inzwischen ist sie auch au\u00dfen geschm\u00fcckt! Dazu der Beitrag aus dem BR:<\/p>\n\n\n\n<p><a href=\"https:\/\/www.br.de\/nachrichten\/kultur\/juedisches-laubhuettenfest-in-nuernbergs-altstadt,SjpiSME\">https:\/\/www.br.de\/nachrichten\/kultur\/juedisches-laubhuettenfest-in-nuernbergs-altstadt,SjpiSME<\/a><\/p>\n\n\n\n<figure class=\"wp-block-image size-large\"><img loading=\"lazy\" decoding=\"async\" width=\"1024\" height=\"768\" src=\"https:\/\/nueha.de\/wp-content\/uploads\/2021\/09\/IMG_0458-1024x768.jpg\" alt=\"\" class=\"wp-image-273\" srcset=\"https:\/\/nueha.de\/wp-content\/uploads\/2021\/09\/IMG_0458-1024x768.jpg 1024w, https:\/\/nueha.de\/wp-content\/uploads\/2021\/09\/IMG_0458-300x225.jpg 300w, https:\/\/nueha.de\/wp-content\/uploads\/2021\/09\/IMG_0458-768x576.jpg 768w, https:\/\/nueha.de\/wp-content\/uploads\/2021\/09\/IMG_0458-1536x1152.jpg 1536w, https:\/\/nueha.de\/wp-content\/uploads\/2021\/09\/IMG_0458.jpg 2016w\" sizes=\"auto, (max-width: 1024px) 100vw, 1024px\" \/><\/figure>\n\n\n\n<figure class=\"wp-block-image size-large\"><img loading=\"lazy\" decoding=\"async\" width=\"768\" height=\"1024\" src=\"https:\/\/nueha.de\/wp-content\/uploads\/2021\/09\/IMG_0459-768x1024.jpg\" alt=\"\" class=\"wp-image-272\" srcset=\"https:\/\/nueha.de\/wp-content\/uploads\/2021\/09\/IMG_0459-768x1024.jpg 768w, https:\/\/nueha.de\/wp-content\/uploads\/2021\/09\/IMG_0459-225x300.jpg 225w, https:\/\/nueha.de\/wp-content\/uploads\/2021\/09\/IMG_0459-1152x1536.jpg 1152w, https:\/\/nueha.de\/wp-content\/uploads\/2021\/09\/IMG_0459-rotated.jpg 1512w\" sizes=\"auto, (max-width: 768px) 100vw, 768px\" \/><\/figure>\n","protected":false},"excerpt":{"rendered":"<p>Sukkot im Herzen der Stadt vom 23.09.2021 bis 25.09.2021 Zum 1700j\u00e4hrigen Jubil\u00e4um j\u00fcdischen Lebens in Deutschland werden wir mit Menschen in N\u00fcrnberg gemeinsam feiern und als St\u00e4dtepartnerschaftsverein einen Beitrag zu einem Miteinander von N\u00fcrnberg und Hadera leisten. 2020 baute der Verein zu Sukkot als \u201eGr\u00fcndungsfeier\u201c auf dem Dach des N\u00fcrnberger Doku-Zentrums (\u201eKongresshalle\u201c) eine Sukkah auf<\/p><\/div>\n<div class=\"blog-btn\"><a href=\"https:\/\/nueha.de\/?page_id=14\" class=\"home-blog-btn\">Weiterlesen<\/a><\/p>\n","protected":false},"author":1,"featured_media":0,"parent":13,"menu_order":1,"comment_status":"closed","ping_status":"closed","template":"","meta":{"footnotes":""},"class_list":["post-14","page","type-page","status-publish","hentry"],"_links":{"self":[{"href":"https:\/\/nueha.de\/index.php?rest_route=\/wp\/v2\/pages\/14","targetHints":{"allow":["GET"]}}],"collection":[{"href":"https:\/\/nueha.de\/index.php?rest_route=\/wp\/v2\/pages"}],"about":[{"href":"https:\/\/nueha.de\/index.php?rest_route=\/wp\/v2\/types\/page"}],"author":[{"embeddable":true,"href":"https:\/\/nueha.de\/index.php?rest_route=\/wp\/v2\/users\/1"}],"replies":[{"embeddable":true,"href":"https:\/\/nueha.de\/index.php?rest_route=%2Fwp%2Fv2%2Fcomments&post=14"}],"version-history":[{"count":9,"href":"https:\/\/nueha.de\/index.php?rest_route=\/wp\/v2\/pages\/14\/revisions"}],"predecessor-version":[{"id":286,"href":"https:\/\/nueha.de\/index.php?rest_route=\/wp\/v2\/pages\/14\/revisions\/286"}],"up":[{"embeddable":true,"href":"https:\/\/nueha.de\/index.php?rest_route=\/wp\/v2\/pages\/13"}],"wp:attachment":[{"href":"https:\/\/nueha.de\/index.php?rest_route=%2Fwp%2Fv2%2Fmedia&parent=14"}],"curies":[{"name":"wp","href":"https:\/\/api.w.org\/{rel}","templated":true}]}}